{"id":296,"date":"2016-07-13T10:29:42","date_gmt":"2016-07-13T14:29:42","guid":{"rendered":"http:\/\/evs.curbadecultura.ro\/?page_id=296"},"modified":"2023-05-27T16:12:24","modified_gmt":"2023-05-27T13:12:24","slug":"our-volunteers","status":"publish","type":"page","link":"https:\/\/evs.curbadecultura.ro\/index.php\/our-volunteers\/","title":{"rendered":"Our Volunteers"},"content":{"rendered":"<p><img decoding=\"async\" loading=\"lazy\" class=\"alignnone  wp-image-3544\" src=\"http:\/\/evs.curbadecultura.ro\/wp-content\/uploads\/2022\/06\/FB_IMG_1655547815078-150x150.jpg\" alt=\"\" width=\"190\" height=\"190\" srcset=\"https:\/\/evs.curbadecultura.ro\/wp-content\/uploads\/2022\/06\/FB_IMG_1655547815078-150x150.jpg 150w, https:\/\/evs.curbadecultura.ro\/wp-content\/uploads\/2022\/06\/FB_IMG_1655547815078-300x298.jpg 300w, https:\/\/evs.curbadecultura.ro\/wp-content\/uploads\/2022\/06\/FB_IMG_1655547815078-768x762.jpg 768w, https:\/\/evs.curbadecultura.ro\/wp-content\/uploads\/2022\/06\/FB_IMG_1655547815078.jpg 960w\" sizes=\"(max-width: 190px) 100vw, 190px\" \/>68. Din Cehia vine <a href=\"http:\/\/evs.curbadecultura.ro\/index.php\/2022\/07\/01\/portret-de-voluntar-pavel-cehia\/\">Pavel<\/a>, s\u0103 se al\u0103ture echipei Tinemobilului (17.06.2022 &#8211; 27.05.2023). Sunt un individ foarte extrovertit, \u00eemi place s\u0103 fiu \u00een preajma altor oameni \u0219i s\u0103-i cunosc mai bine, dar uneori pot s\u0103 par mai introvertit, pentru c\u0103 \u00eemi place \u0219i s\u0103 petrec timpul singur, \u00een balonul meu de confort,\u00a0 \u0219i cu o ma\u0219in\u0103 de scris sau o bucat\u0103 de h\u00e2rtie pe care \u00eemi pot forma idei pentru seria mea viitoare de c\u0103r\u021bi. [Proiect &#8211; Tinemobilul-Fury Road]<\/p>\n<p><img decoding=\"async\" loading=\"lazy\" class=\"alignnone  wp-image-3538\" src=\"http:\/\/evs.curbadecultura.ro\/wp-content\/uploads\/2022\/06\/289081667_1078085849788348_1306403019400262001_n-150x150.jpg\" alt=\"\" width=\"190\" height=\"190\" \/>67. <a href=\"http:\/\/evs.curbadecultura.ro\/index.php\/2022\/07\/01\/portret-de-voluntar-angie-malta\/\">Angie<\/a> (16.06.2022 &#8211; 27.05.2023) vine din Malta \u0219i e plin\u0103 de energie \u0219i entuziasm c\u00e2nd vine vorba de a lucra cu tinerii din comunitate. Angie a dat via\u021ba \u00eentr-o comunitate mic\u0103 pe o insul\u0103 pe plaurile foarte pitore\u0219ti \u0219i rurale de pe Valea Teleajenului, unde a venit s\u0103 fac\u0103 ateliere \u0219i activit\u0103\u021bi cu tinerii ca parte a echipei Tinemobilului. [Proiect &#8211; Tinemobilul-Fury Road]<\/p>\n<p><img decoding=\"async\" loading=\"lazy\" class=\"alignnone  wp-image-3412\" src=\"http:\/\/evs.curbadecultura.ro\/wp-content\/uploads\/2022\/03\/unnamed-150x150.jpg\" alt=\"\" width=\"190\" height=\"190\" \/>66. <a href=\"http:\/\/evs.curbadecultura.ro\/index.php\/2022\/03\/23\/portret-d-voluntar-daniel-burac-republica-moldova\/\">Daniel<\/a> (23.02.2022 &#8211; 31.03.2022) din Republica Moldova. Sunt pasionat de art\u0103, film, fotografie \u0219i pictur\u0103, dar \u0103n cadrul proiectului meu m\u0103 voi ocupa de promovarea ospitalit\u0103\u021bii locuitorilor de pe Valea Teleajenului. [Proiect &#8211; Youth Hosteling for Local Development]<\/p>\n<p><img decoding=\"async\" loading=\"lazy\" class=\"alignnone wp-image-3335 \" src=\"http:\/\/evs.curbadecultura.ro\/wp-content\/uploads\/2022\/02\/received_384030969775763-150x150.jpeg\" alt=\"\" width=\"190\" height=\"190\" \/><\/p>\n<p>65.\u00a0Numele meu este <a href=\"http:\/\/evs.curbadecultura.ro\/index.php\/2022\/02\/11\/portret-de-voluntar-cenek-republica-ceha\/\">\u010cen\u011bk<\/a> (26.01.2022 &#8211; 20.06.2022) \u0219i am crescut \u00een Adamov, un ora\u0219 mic din apropiere de Brno, \u00een Republica Ceh\u0103, cu mul\u021bi fra\u021bi. Sunt m\u00e2ndru morav (una dintre cele trei regiuni istorice din Cehia) \u0219i c\u0103l\u0103tor entuziast. [Proiect &#8211; F5]<\/p>\n<p><img decoding=\"async\" loading=\"lazy\" class=\"alignnone wp-image-3331 \" src=\"http:\/\/evs.curbadecultura.ro\/wp-content\/uploads\/2022\/02\/Fotocurba-150x150.jpg\" alt=\"\" width=\"190\" height=\"190\" \/><\/p>\n<p>64. Salut! Numele meu este <a href=\"http:\/\/evs.curbadecultura.ro\/index.php\/2022\/02\/09\/portret-de-voluntar-israt-zahan-bhuiyan-italia\/\">Israt,<\/a> (25.01.2022 &#8211; 06.06.2022) am 19 ani \u0219i vin din Vicenza, nordul Italiei. Am studiat la un liceu de Arte Vizuale p\u00e2n\u0103 \u00een iunie anul trecut \u0219i de atunci explorez ceea ce 13 ani de \u0219coal\u0103 nu mi-au dat niciodat\u0103. \u0218i dintr-o dat\u0103 am ajuns \u00een Rom\u00e2nia! [Proiect &#8211; F5]<\/p>\n<p><img decoding=\"async\" loading=\"lazy\" class=\"alignnone wp-image-3243 \" src=\"http:\/\/evs.curbadecultura.ro\/wp-content\/uploads\/2021\/12\/FB_IMG_1624377741135-150x150.jpg\" alt=\"\" width=\"190\" height=\"190\" \/><\/p>\n<p>63.\u00a0Bun\u0103 ziua! Sunt <a href=\"http:\/\/evs.curbadecultura.ro\/index.php\/2022\/01\/11\/portret-de-voluntar-andres-codes-spania\/\">Andr\u00e9s<\/a>, (27.11.2021 &#8211; 16.09.2022) sunt din Barcelona \u0219i am 28 de ani. Aceasta este a doua mea aventur\u0103 cu Curba de Cultur\u0103 (de data asta \u00een proiectul \u201dTinemobilul \u2013 The Fury Road\u201d) dup\u0103 ce am participat la proiectul anterior de renovare a Centrului de Tineret din Izvoarele. [Proiect &#8211; Tinemobilul-Fury Road]<\/p>\n<p><img decoding=\"async\" loading=\"lazy\" class=\"alignnone wp-image-3247 \" src=\"http:\/\/evs.curbadecultura.ro\/wp-content\/uploads\/2021\/12\/FB_IMG_1632904954653-1-150x150.jpg\" alt=\"\" width=\"190\" height=\"190\" \/><\/p>\n<p>62.\u00a0Bun\u0103! Numele meu este <a href=\"http:\/\/evs.curbadecultura.ro\/index.php\/2022\/01\/11\/portret-de-voluntar-roberto-spania\/\">Roberto<\/a> (27.11.2021 &#8211; 25.07.2022) \u0219i sunt din Santiago de Compostela, Spania. Am 21 de ani \u0219i m\u0103 aflu \u00een Rom\u00e2nia \u00eentr-un stagiu de voluntariat interna\u021bional pentru 10 luni. Proiectul meu const\u0103 \u00een a face activit\u0103\u021bi pentru tineri cu ajutorul centrului Mobil de Tineret, \u201cTinemobilul\u201d. [Proiect &#8211; Tinemobilul-Fury Road]<\/p>\n<p><img decoding=\"async\" loading=\"lazy\" class=\"alignnone wp-image-3208 \" src=\"http:\/\/evs.curbadecultura.ro\/wp-content\/uploads\/2021\/12\/aviary-image-1633446260627-150x150.jpeg\" alt=\"\" width=\"190\" height=\"190\" \/><\/p>\n<p>61. Bun\u0103, m\u0103 numesc <a href=\"http:\/\/evs.curbadecultura.ro\/index.php\/2021\/12\/20\/portret-de-voluntar-sara-franta\/\">Sara<\/a>, (27.11.2021 &#8211; 06.07.2022) am 25 de ani \u0219i fac parte din echipa Tinemobilului! Dup\u0103 ce am c\u0103l\u0103torit prin estul Europei, am decis s\u0103-mi pun rucsacul (\u0219i \u00een cur\u00e2nd valiza, haha) \u00een Rom\u00e2nia. [Proiect &#8211; Tinemobilul-Fury Road]<\/p>\n<p><img decoding=\"async\" loading=\"lazy\" class=\"alignnone wp-image-3189 \" src=\"http:\/\/evs.curbadecultura.ro\/wp-content\/uploads\/2021\/11\/ee58d953-8be4-4a31-87df-684239595342-150x150.jpg\" alt=\"\" width=\"190\" height=\"190\" \/><\/p>\n<p>60.\u00a0Bun\u0103, m\u0103 numesc <a href=\"http:\/\/evs.curbadecultura.ro\/index.php\/2021\/11\/19\/portret-de-voluntar-flavie\/\">Flavie<\/a> (02.11.2021 &#8211; 30.01.2022), am 19 ani si vin din Lyon, in Franta. Sunt aici pentru opt luni \u0219i jum\u0103tate pentru a lucra la programul \u201cYouth Hosteling for Local Development\u201d. Prin urmare, rolul meu va fi s\u0103 ajut la promovarea turismului \u00een zon\u0103. [Proiect &#8211; Youth Hosteling for Local Development]<\/p>\n<p><img decoding=\"async\" loading=\"lazy\" class=\"alignnone wp-image-3167 \" src=\"http:\/\/evs.curbadecultura.ro\/wp-content\/uploads\/2021\/11\/2fc8a3dc-9cdd-4c1c-ad71-ecbc089dd3e9-150x150.jpg\" alt=\"\" width=\"190\" height=\"190\" \/><\/p>\n<p>59.\u00a0Numele meu este <a href=\"http:\/\/evs.curbadecultura.ro\/index.php\/2021\/11\/02\/portret-de-voluntar-clementine-franta\/\">Clementine<\/a> (12.10.2021 &#8211; ), am 20 de ani \u0219i locuiesc \u00een nordul Fran\u021bei, l\u00e2ng\u0103 ora\u0219ul Lille. Tocmai am terminat al doilea an de licen\u021b\u0103 \u00een psihologie \u0219i sunt aici de 6 luni pentru a participa la proiectul \u201eMove your Corps\u201d care const\u0103 \u00een crearea de activit\u0103\u021bi nonformale pentru tineri. [Proiect &#8211; Move Your Corps]<\/p>\n<p><img decoding=\"async\" loading=\"lazy\" class=\"alignnone wp-image-3083 \" src=\"http:\/\/evs.curbadecultura.ro\/wp-content\/uploads\/2021\/06\/apresenta\u00e7\u00e3o-imagem-150x150.jpg\" alt=\"\" width=\"190\" height=\"190\" \/><\/p>\n<p>58.\u00a0Numele meu este <a href=\"http:\/\/evs.curbadecultura.ro\/index.php\/2021\/06\/29\/portret-de-voluntar-maria-portugalia\/\">Maria Pimentel<\/a> (02.05.2021 &#8211; 28.10.2021), sunt ilustratoare portughez\u0103, cu o licen\u021b\u0103 \u00een Arte Plastice (\u00een domeniul picturii) \u0219i o diplom\u0103 de master \u00een anima\u021bie \u0219i ilustra\u021bie. [Proiect &#8211; Youth Hosteling for Local Development]<\/p>\n<p><img decoding=\"async\" loading=\"lazy\" class=\"alignnone wp-image-3077 \" src=\"http:\/\/evs.curbadecultura.ro\/wp-content\/uploads\/2021\/06\/Lucia_profile_picture_cdc-150x150.jpg\" alt=\"\" width=\"190\" height=\"190\" \/><\/p>\n<p>57.\u00a0Numele meu este <a href=\"http:\/\/evs.curbadecultura.ro\/index.php\/2021\/06\/18\/portret-de-voluntar-lucia-olanda\/\">Lucia<\/a> ( 01.05.2021 &#8211; 08.12.2020) \u0219i am 21 de ani. In ianuarie am terminat facultatea de limb\u0103 olandez\u0103, care se \u00eent\u00e2mpl\u0103 s\u0103 fie \u0219i limba oficial\u0103 a \u021b\u0103rii (Olanda \u2013 dup\u0103 cum i se spune aici). [Proiect &#8211; Youth Hosteling for Local Development]<\/p>\n<p><img decoding=\"async\" loading=\"lazy\" class=\"alignnone wp-image-3056 \" src=\"http:\/\/evs.curbadecultura.ro\/wp-content\/uploads\/2021\/05\/IMG_5641-e1622199288385-150x150.jpg\" alt=\"\" width=\"190\" height=\"190\" \/><\/p>\n<p>56.\u00a0Sunt <a href=\"http:\/\/evs.curbadecultura.ro\/index.php\/2021\/05\/28\/portret-de-voluntar-emma-franta\/\">Emma<\/a> ( 06.05.2021 &#8211; 03.07.2021) din Nancy (un ora\u0219 din estul Fran\u021bei). Am 23 ani, momentan \u00eentr-un an liber de la Facultatea de \u0218tiin\u021be Alimentare. [Proiect &#8211; <em>Discover EU Fields<\/em>]<\/p>\n<p><img decoding=\"async\" loading=\"lazy\" class=\"alignnone wp-image-3051 \" src=\"http:\/\/evs.curbadecultura.ro\/wp-content\/uploads\/2021\/05\/49279468_377651379667241_8361592685772931072_n-150x150.jpg\" alt=\"\" width=\"190\" height=\"190\" \/><\/p>\n<p>55.\u00a0Buna ! Numele meu este <a href=\"http:\/\/evs.curbadecultura.ro\/index.php\/2021\/05\/28\/portret-ravaka\/\">Ravaka<\/a> (05.05.2021 &#8211; 03.07.2021). Am 25 de ani \u0219i vin din Fran\u021ba. \u00cemi place s\u0103 ascult muzic\u0103, a\u0219a c\u0103 fac asta de cele mai multe ori c\u00e2nd sunt singur\u0103. Sunt pasionat\u0103 de Coreea de Sud \u0219i de alte \u021b\u0103ri din Asia, cum ar fi Japonia \u0219i Thailanda. [Proiect &#8211; <em>Discover EU Fields<\/em>]<\/p>\n<p><img decoding=\"async\" loading=\"lazy\" class=\"wp-image-3065 alignnone\" src=\"http:\/\/evs.curbadecultura.ro\/wp-content\/uploads\/2021\/06\/133132633_3875770025766867_4297999756933228760_n-300x300.jpeg\" alt=\"\" width=\"190\" height=\"190\" srcset=\"https:\/\/evs.curbadecultura.ro\/wp-content\/uploads\/2021\/06\/133132633_3875770025766867_4297999756933228760_n-300x300.jpeg 300w, https:\/\/evs.curbadecultura.ro\/wp-content\/uploads\/2021\/06\/133132633_3875770025766867_4297999756933228760_n-150x150.jpeg 150w, https:\/\/evs.curbadecultura.ro\/wp-content\/uploads\/2021\/06\/133132633_3875770025766867_4297999756933228760_n-768x771.jpeg 768w, https:\/\/evs.curbadecultura.ro\/wp-content\/uploads\/2021\/06\/133132633_3875770025766867_4297999756933228760_n-1020x1024.jpeg 1020w, https:\/\/evs.curbadecultura.ro\/wp-content\/uploads\/2021\/06\/133132633_3875770025766867_4297999756933228760_n.jpeg 1080w\" sizes=\"(max-width: 190px) 100vw, 190px\" \/><\/p>\n<p>54. Sunt <a href=\"http:\/\/evs.curbadecultura.ro\/index.php\/2021\/06\/01\/3064\/\">Margot<\/a> (04.05.2021 &#8211; 02.07.2021)! Am 24 de ani \u0219i vin din Cambrai, un ora\u0219 mic din nordul Fran\u021bei. Iubesc natura, animalele, schimburile culturale \u0219i diferite moduri de a tr\u0103i. [Proiect &#8211; <em>Move Your Corps<\/em>]<\/p>\n<p><img decoding=\"async\" loading=\"lazy\" class=\"alignnone wp-image-2895 \" src=\"http:\/\/evs.curbadecultura.ro\/wp-content\/uploads\/2021\/01\/138575253_725917541401665_1501955057902599147_n-1-150x150.jpg\" alt=\"\" width=\"190\" height=\"190\" \/>53.\u00a0Bun\u0103, m\u0103 numesc <a href=\"http:\/\/evs.curbadecultura.ro\/index.php\/2021\/01\/26\/portret-de-voluntar-paco-franta\/\">Paco<\/a> (15.01.2021 &#8211; 15.12.2021), am 21 de ani \u0219i vin din estul Fran\u021bei, nu departe de Strasbourg. Dup\u0103 bacalaureatul \u0219tiin\u021bific, am f\u0103cut doi ani la Strasbourg la Universitatea de \u0218tiin\u021be Tehnice a Activit\u0103\u021bilor Fizice \u0219i Sportive. Au fost doi ani grozavi, foarte plini de satisfac\u021bii, dar \u00een cele din urm\u0103 mi-am dat seama c\u0103 vreau s\u0103 fac ceva mai concret. [Proiect &#8211; <em>Serviciul Civil Francez<\/em>]<\/p>\n<p><img decoding=\"async\" loading=\"lazy\" class=\"alignnone wp-image-2869 \" src=\"http:\/\/evs.curbadecultura.ro\/wp-content\/uploads\/2020\/11\/johannes-150x150.jpg\" alt=\"\" width=\"190\" height=\"190\" \/><\/p>\n<p>52.\u00a0Bun\u0103, numele meu e <a href=\"http:\/\/evs.curbadecultura.ro\/index.php\/2020\/11\/26\/portret-de-voluntar-johannes-suedia\/\">Johannes Franzen<\/a>(20.11.2020 &#8211; 19.11.2021) Am 21 de ani, am crescut \u00eentr-un ora\u0219 mic din nordul Suediei numit Ostersund. Am studiat produc\u021bie media \u0219i marketing. \u00cen timpul liver \u00eemi place s\u0103 g\u0103tesc \u0219i s\u0103 studiez istorie, precum \u0219i drume\u021biile. [Proiect &#8211; <em>Discover Tei\u0219ani<\/em>]<\/p>\n<p><img decoding=\"async\" loading=\"lazy\" class=\"alignnone wp-image-2846 \" src=\"http:\/\/evs.curbadecultura.ro\/wp-content\/uploads\/2020\/11\/andre-pic-1-150x150.jpg\" alt=\"\" width=\"190\" height=\"190\" \/><\/p>\n<p>51.\u00a0Bun\u0103, numele meu este <a href=\"http:\/\/evs.curbadecultura.ro\/index.php\/2020\/11\/23\/portret-de-voluntar-andrea-italia\/\">Andrea<\/a> (06.11.2020 &#8211; 17.11.2021), sunt din Italia \u0219i pentru anul acesta sunt unul dintre voluntarii Curbei de Cultur\u0103, aici \u00een Rom\u00e2nia. [Proiect &#8211; <em>Discover Tei\u0219ani<\/em>]<\/p>\n<p><img decoding=\"async\" loading=\"lazy\" class=\"wp-image-2850 alignnone\" src=\"http:\/\/evs.curbadecultura.ro\/wp-content\/uploads\/2020\/11\/ger-pic-300x300.jpg\" alt=\"\" width=\"190\" height=\"190\" srcset=\"https:\/\/evs.curbadecultura.ro\/wp-content\/uploads\/2020\/11\/ger-pic-300x300.jpg 300w, https:\/\/evs.curbadecultura.ro\/wp-content\/uploads\/2020\/11\/ger-pic-150x150.jpg 150w, https:\/\/evs.curbadecultura.ro\/wp-content\/uploads\/2020\/11\/ger-pic.jpg 688w\" sizes=\"(max-width: 190px) 100vw, 190px\" \/><\/p>\n<p>50. Numele meu este <a href=\"http:\/\/evs.curbadecultura.ro\/index.php\/2020\/11\/24\/portret-de-voluntar-gertrudis-spania\/\">Gertrudis<\/a> (05.11.2020 &#8211; 04.11.2021), am 28 de ani \u0219i provin dintr-un ora\u0219 mic de l\u00e2ng\u0103 mare \u00een Catalonia, Spania. Am studiat Comunicare Audiovizual\u0103 \u0219i Jurnalism Investigativ, deci sunt foarte pasionat\u0103 de aceste subiecte. [Proiect &#8211; <em>Discover Tei\u0219ani<\/em>]<\/p>\n<p><img decoding=\"async\" loading=\"lazy\" class=\"alignnone wp-image-2864 \" src=\"http:\/\/evs.curbadecultura.ro\/wp-content\/uploads\/2020\/11\/josue-1-150x150.jpeg\" alt=\"\" width=\"190\" height=\"190\" \/><\/p>\n<p>49.\u00a0Bun\u0103, numele meu este <a href=\"http:\/\/evs.curbadecultura.ro\/index.php\/2020\/11\/25\/portret-de-voluntar-josue-mexic-spania\/\">Josu\u00e9<\/a> (04.11.2020 &#8211; 02.01.2022) \u0219i sunt din Andalucia, Spania. Cu toate acestea, am \u0219i o parte mexican\u0103, av\u00e2nd \u00een vedere c\u0103 m-am n\u0103scut acolo \u0219i toat\u0103 familia mea este mexican\u0103. Am 20 de ani \u0219i, oficial, am studiat lucruri tehnologice \u0219i \u0219tiin\u021bifice. [Proiect &#8211; <em>Discover Tei\u0219ani<\/em>]<\/p>\n<p><img decoding=\"async\" loading=\"lazy\" class=\"alignnone\" src=\"http:\/\/evs.curbadecultura.ro\/wp-content\/uploads\/2020\/09\/Romanian-article-photo-2.jpg\" alt=\"This image has an empty alt attribute; its file name is Romanian-article-photo-2.jpg\" width=\"190\" height=\"190\" \/><\/p>\n<p>48. Bun\u0103, m\u0103 numesc <a href=\"http:\/\/evs.curbadecultura.ro\/index.php\/2020\/09\/21\/sara-denmark\/\">Sara Lil-Jane Pederson<\/a> (03.09.2020 &#8211; 01.07.2021). Am 19 ani \u0219i sunt din partea din nord din Danemarca. Este prima dat\u0103 c\u00e2nd particip la un proiect prin Corpul European de Solidaritate \u0219i sunt foarte entuziasmat\u0103. [Proiect &#8211; <em>Schroedinger&#8217;s Culture(al) Dilemma<\/em>]<\/p>\n<p><img decoding=\"async\" loading=\"lazy\" class=\"alignnone  wp-image-2756\" src=\"http:\/\/evs.curbadecultura.ro\/wp-content\/uploads\/2020\/09\/carlitos-150x150.jpg\" alt=\"\" width=\"190\" height=\"190\" \/>47. Salut! M\u0103 numesc <a href=\"http:\/\/evs.curbadecultura.ro\/index.php\/2020\/09\/21\/portrat-de-voluntar-carlos-spain\/\">Carlos<\/a> (06.09.2020 &#8211; 15.08.2021) \u0219i am 22 de ani. Sunt din Barcelona, Spania \u0219i pe l\u00e2ng\u0103 c\u0103 m\u0103n\u00e2nc \u201dtortilla de patata\u201d \u0219i beau \u201dsangria\u201d, am studiat \u201dAnima\u021bie Social\u0103 \u0219i Cultural\u0103\u201d timp de doi ani \u0219i am lucrat ca educator social timp de trei ani. [Proiect &#8211; <em>Schroedinger&#8217;s Culture(al) Dilemma<\/em>]<\/p>\n<p><img decoding=\"async\" loading=\"lazy\" class=\"alignnone  wp-image-2749\" src=\"http:\/\/evs.curbadecultura.ro\/wp-content\/uploads\/2020\/09\/presentazione-150x150.jpg\" alt=\"\" width=\"190\" height=\"190\" \/>46. Bun\u0103! Sunt <a href=\"http:\/\/evs.curbadecultura.ro\/index.php\/2020\/09\/21\/portret-de-voluntar-rebecca-italy\/\">Rebecca<\/a> (08.09.2020 &#8211; 04.08.2021), am 18 ani \u0219i sunt din Italia. Sunt aici datorit\u0103 Curbei de Cultur\u0103 \u0219i &#8211; al\u0103turi de al\u021bi voluntari &#8211; vom promova activit\u0103\u021bi dedicate tinerilor. [Proiect &#8211; <em>Schroedinger&#8217;s Culture(al) Dilemma<\/em>]<\/p>\n<p><img decoding=\"async\" loading=\"lazy\" class=\"alignnone  wp-image-2735\" src=\"http:\/\/evs.curbadecultura.ro\/wp-content\/uploads\/2020\/09\/received_1065043340578909-150x150.jpeg\" alt=\"\" width=\"190\" height=\"190\" \/>45. Numele meu este <a href=\"http:\/\/evs.curbadecultura.ro\/index.php\/2020\/09\/17\/__trashed-4\/\">Juliette<\/a> (08.09.2020 &#8211; 04.04.2021) \u0219i vin din nordul Fran\u021bei. Sunt un nou voluntar al Curbei de Cultur\u0103 \u0219i sunt a\u0219a de entuziasmat\u0103 s\u0103 \u00eencep desf\u0103\u0219urarea de activit\u0103\u021bi cu tineri! Sunt aici s\u0103 fac un CES (adic\u0103 un stagiu de voluntariat \u00een cadrul programului Corpului European de Solidaritate) pentru \u0219apte luni \u0219i consider c\u0103 acesta \u00eemi va schimba via\u021ba. [Proiect &#8211; <em>Move your corps<\/em>]<\/p>\n<p><img decoding=\"async\" loading=\"lazy\" class=\"alignnone  wp-image-3749\" src=\"http:\/\/evs.curbadecultura.ro\/wp-content\/uploads\/2023\/05\/10647018_915321168586636_4769230671423161994_n-150x150.jpg\" alt=\"\" width=\"191\" height=\"191\" srcset=\"https:\/\/evs.curbadecultura.ro\/wp-content\/uploads\/2023\/05\/10647018_915321168586636_4769230671423161994_n-150x150.jpg 150w, https:\/\/evs.curbadecultura.ro\/wp-content\/uploads\/2023\/05\/10647018_915321168586636_4769230671423161994_n-300x300.jpg 300w, https:\/\/evs.curbadecultura.ro\/wp-content\/uploads\/2023\/05\/10647018_915321168586636_4769230671423161994_n.jpg 363w\" sizes=\"(max-width: 191px) 100vw, 191px\" \/>44. Bun\u0103 tuturor, \u00eemi pare bine s\u0103 v\u0103 cunosc!\u00a0Eu sunt <a href=\"http:\/\/evs.curbadecultura.ro\/index.php\/2020\/03\/21\/portrat-de-voluntar-thomas-franta\/\">Thomas<\/a> (08.03.2020 &#8211; 31.05.2020), noul voluntar al Curbei de Cultur\u0103. Vin din Nordul Fran\u021bei dintr-un mic sat aproape de Lille. Am 23 de ani, am studiat la Universitatea Sportiv\u0103 STAPS pentru a deveni profesor de educa\u021bie fizic\u0103. [Proiect &#8211; <em>Volunteering Activities, Rewarding Experiences<\/em>]<\/p>\n<p><img decoding=\"async\" loading=\"lazy\" class=\"alignnone wp-image-2596 \" src=\"http:\/\/evs.curbadecultura.ro\/wp-content\/uploads\/2019\/11\/justhine-150x150.jpg\" alt=\"\" width=\"190\" height=\"190\" \/><\/p>\n<p>43. Numele meu este <a href=\"http:\/\/evs.curbadecultura.ro\/index.php\/2019\/12\/10\/portret-de-voluntar-justhine-franta\/\">Justhine<\/a> (24.11.2019 &#8211; 18.03.2020) am 18 ani \u0219i sunt din Tourcoing, Fran\u021ba. Sunt voluntar nou \u00een Curba de Cultur\u0103, am venit s\u0103 lucrez cu tineri, s\u0103 preg\u0103tesc \u0219i s\u0103 creez activit\u0103\u021bi, s\u0103 \u00eenv\u0103\u021b limbi str\u0103ine \u0219i multe alte lucruri. Sunt \u00een Rom\u00e2nia pentru un EVS de 7 luni. [Proiect &#8211; <em>Build up you future<\/em>]<\/p>\n<p><img decoding=\"async\" loading=\"lazy\" class=\"alignnone wp-image-2581 \" src=\"http:\/\/evs.curbadecultura.ro\/wp-content\/uploads\/2019\/10\/IMG_20191030_180725-150x150.jpg\" alt=\"\" width=\"190\" height=\"190\" \/><\/p>\n<p>42. Bun\u0103, m\u0103 numesc <a href=\"http:\/\/evs.curbadecultura.ro\/index.php\/2019\/11\/23\/portret-de-voluntar-jan-norvegia\/\">Jan Henri Christensen<\/a> ( 22.10.2019 &#8211; 31.05.2020) \u0219i acesta este pentru mine al doilea proiect EVS din cadrul Corpului European de Solidaritate, am 20 de ani \u0219i \u00eemi place s\u0103 schimb lucrurile \u00een jurul meu, indiferent c\u00e2t de mici sunt acestea. [Project &#8211; <em>Schroedinger&#8217;s Culture(al) Dilemma<\/em>]<\/p>\n<p><img decoding=\"async\" loading=\"lazy\" class=\"alignnone wp-image-2563 \" src=\"http:\/\/evs.curbadecultura.ro\/wp-content\/uploads\/2019\/10\/FB_IMG_1572445411451-150x150.jpg\" alt=\"\" width=\"190\" height=\"190\" srcset=\"https:\/\/evs.curbadecultura.ro\/wp-content\/uploads\/2019\/10\/FB_IMG_1572445411451-150x150.jpg 150w, https:\/\/evs.curbadecultura.ro\/wp-content\/uploads\/2019\/10\/FB_IMG_1572445411451-298x300.jpg 298w, https:\/\/evs.curbadecultura.ro\/wp-content\/uploads\/2019\/10\/FB_IMG_1572445411451-768x774.jpg 768w, https:\/\/evs.curbadecultura.ro\/wp-content\/uploads\/2019\/10\/FB_IMG_1572445411451-1016x1024.jpg 1016w, https:\/\/evs.curbadecultura.ro\/wp-content\/uploads\/2019\/10\/FB_IMG_1572445411451.jpg 1080w\" sizes=\"(max-width: 190px) 100vw, 190px\" \/>41. Bun\u0103, m\u0103 numesc <a href=\"http:\/\/evs.curbadecultura.ro\/index.php\/2019\/11\/23\/portret-de-voluntar-danelle-malta\/\">Danelle Sciberras<\/a> (24.10.2019- 17.03.2020). Eu am 19 ani. Sunt dintr-o insul\u0103 mic\u0103 din Marea Mediteran\u0103 numit\u0103 Malta. Sunt dintr-un ora\u0219 numit Kalkara, dar locuiesc \u00een \u017babbar. \u00cemi place s\u0103 c\u0103l\u0103toresc, s\u0103 explorez culturi \u0219i limbi noi \u0219i, de asemenea, m\u00e2ncarea lor. [Proiect &#8211; <em>Schroedinger&#8217;s Culture(al) Dilemma<\/em>]<\/p>\n<p><img decoding=\"async\" loading=\"lazy\" class=\"alignnone wp-image-2561 \" src=\"http:\/\/evs.curbadecultura.ro\/wp-content\/uploads\/2019\/10\/ddddd-150x150.jpg\" alt=\"\" width=\"190\" height=\"190\" \/>40.\u00a0Bun\u0103 tuturor.\u00a0Numele meu este <a href=\"http:\/\/evs.curbadecultura.ro\/index.php\/2019\/11\/23\/portret-de-voluntar-janis-latvia\/\">J\u0101nis J\u0113kabsons<\/a> (24.10.2019 &#8211; 16.01.2020) \u0219i am 29 de ani. Vin din R\u016bjiena, un or\u0103\u0219el rural din partea de nord a Letoniei. Sunt aici pentru a valorifica pe c\u00e2t mai mult posibil comunit\u0103\u021bile locale din Rom\u00e2nia. De asemenea, m\u0103 a\u0219tept s\u0103 \u00eenv\u0103\u021b multe de la localnici \u0219i al\u021bi voluntari. [Proiect &#8211; <em>Schroedinger&#8217;s Culture(al) Dilemma<\/em>]<\/p>\n<p><img decoding=\"async\" loading=\"lazy\" class=\"alignnone wp-image-2566 \" src=\"http:\/\/evs.curbadecultura.ro\/wp-content\/uploads\/2019\/10\/IMG-20190816-WA0011-150x150.jpg\" alt=\"\" width=\"190\" height=\"190\" \/>39. Salut! Sunt <a href=\"http:\/\/evs.curbadecultura.ro\/index.php\/2019\/11\/23\/portret-ana-andalucia\/\">Ana<\/a> (22.10.2019 &#8211; 17.03.2020) \u0219i provin din Andalucia, o regiune minunat\u0103 din Spania. Am venit \u00een Izvoarele pentru a m\u0103 bucura de experien\u021b\u0103 al\u0103turi de Curba de Cultur\u0103 \u00een urm\u0103toarele 10 luni \u0219i de asemena pentru a vedea mai bine cum decurge via\u021ba in Mun\u021bii Carpa\u021bi. [Proiect &#8211; <em>Schroedinger&#8217;s Culture(al) Dilemma<\/em>]<\/p>\n<p><img decoding=\"async\" loading=\"lazy\" class=\"alignnone wp-image-2250 \" src=\"http:\/\/evs.curbadecultura.ro\/wp-content\/uploads\/2019\/03\/53179908_2277436625911855_1529424166044827648_n-150x150.jpg\" alt=\"\" width=\"190\" height=\"190\" \/>\u00a038.\u00a0Sunt <a href=\"http:\/\/evs.curbadecultura.ro\/index.php\/2019\/03\/12\/portret-de-voluntar-caroline-franta\/\">Caroline<\/a> (04.03.2019 &#8211; 30.08.2019) am 21 am studiat sociologie, antropologie \u0219i istorie la universitatea din Lille. Prin urmare sunt interesat\u0103 \u00een a descoperi o nou\u0103 cultur\u0103, limbi str\u0103ine, oameni cu alte moduri de via\u021b\u0103 dec\u00e2t al meu. [Proiect &#8211; Voluntary Generation]<\/p>\n<p><img decoding=\"async\" loading=\"lazy\" class=\"alignnone wp-image-2245 \" src=\"http:\/\/evs.curbadecultura.ro\/wp-content\/uploads\/2019\/03\/53674849_1236201193205653_8033488309986525184_n-150x150.jpg\" alt=\"\" width=\"190\" height=\"190\" \/>\u00a037. Emilie (28.02.2019 &#8211; 26.11.19)\u00a0Salutare, eu sunt <a href=\"http:\/\/evs.curbadecultura.ro\/index.php\/2019\/03\/12\/portret-de-voluntar-emilie-belgia\/\">Emilie<\/a>, am 23 de ani \u0219i vin dintr-un s\u0103tuc din Belgia de la grani\u021ba cu Fran\u021ba.\u00a0[Proiect &#8211; <em>#Stronger Together 2.0<\/em>]<\/p>\n<p><img decoding=\"async\" loading=\"lazy\" class=\"alignnone wp-image-2183 \" src=\"http:\/\/evs.curbadecultura.ro\/wp-content\/uploads\/2019\/01\/26198481_10210613070859742_5683082526871850964_o-150x150.jpg\" alt=\"\" width=\"190\" height=\"190\" srcset=\"https:\/\/evs.curbadecultura.ro\/wp-content\/uploads\/2019\/01\/26198481_10210613070859742_5683082526871850964_o-150x150.jpg 150w, https:\/\/evs.curbadecultura.ro\/wp-content\/uploads\/2019\/01\/26198481_10210613070859742_5683082526871850964_o-300x300.jpg 300w, https:\/\/evs.curbadecultura.ro\/wp-content\/uploads\/2019\/01\/26198481_10210613070859742_5683082526871850964_o-768x771.jpg 768w, https:\/\/evs.curbadecultura.ro\/wp-content\/uploads\/2019\/01\/26198481_10210613070859742_5683082526871850964_o-1020x1024.jpg 1020w, https:\/\/evs.curbadecultura.ro\/wp-content\/uploads\/2019\/01\/26198481_10210613070859742_5683082526871850964_o.jpg 1435w\" sizes=\"(max-width: 190px) 100vw, 190px\" \/>\u00a036. <a href=\"http:\/\/evs.curbadecultura.ro\/index.php\/2019\/02\/01\/portret-de-voluntar-pille\/\">Pille<\/a> (23.01.2019 &#8211; 22.09.2019)\u00a0Am absolvit \u0218coala militar\u0103 din Tallinn Service School. Am studiat turism \u0219i ospitalitate. Sunt interesat\u0103 de diferite limbi \u0219i culturi. De asemenea am studiat diverse limbi: finlandez\u0103, spaniol\u0103\u00a0 \u0219i rus\u0103.\u00a0[Proiect &#8211; <em>Building Youth Supportive Communities &#8211; Environment<\/em>]<\/p>\n<p><img decoding=\"async\" loading=\"lazy\" class=\"alignnone wp-image-2151 \" src=\"http:\/\/evs.curbadecultura.ro\/wp-content\/uploads\/2019\/01\/WIN_20181127_14_47_35_Pro-150x150.jpg\" alt=\"\" width=\"190\" height=\"190\" \/>\u00a035. <a href=\"http:\/\/evs.curbadecultura.ro\/index.php\/2019\/02\/01\/portretul-unui-voluntar-roman-lukas\/\">Roman<\/a> (21.01.2019 &#8211; 20.09.2019)\u00a0Am demisionat de la slujba mea pentru c\u0103 am vrut s\u0103 \u00eencerc ceva nou \u0219i am decis s\u0103 merg peste hotare s\u0103 accept provoc\u0103rile pe care l-ar putea aduce. Cred c\u0103 una dintre cele mai mare provoc\u0103ri pentru mine va fi s\u0103 scap de frica de c\u00e2ini.\u00a0[Proiect &#8211; <em>Building Youth Supportive Communities &#8211; Environment<\/em>]<\/p>\n<p><img decoding=\"async\" loading=\"lazy\" class=\"alignnone wp-image-2154\" src=\"http:\/\/evs.curbadecultura.ro\/wp-content\/uploads\/2019\/01\/IMG_20180326_142032-150x150.jpg\" alt=\"\" width=\"189\" height=\"189\" \/>\u00a0<span style=\"font-size: 16px;\">34. <a href=\"http:\/\/evs.curbadecultura.ro\/index.php\/2019\/02\/01\/portret-de-voluntar-vitor-simao\/\">Vitor<\/a> (21.01.2019 &#8211; 20.09.2019)\u00a0Am terminat liceul \u0219i \u00eenainte de a merge mai departe cu studiile mele am vrut s\u0103 c\u00e2\u0219tig ni\u0219te experien\u021b\u0103 de munc\u0103, a\u0219a c\u0103 am mers s\u0103 lucrez dar nu am fost fericit cu asta \u0219i m-am sim\u021bit foarte frustrat cu munca mea \u0219i cu mine pentru c\u00e2teva luni. Mai t\u00e2rziu, un prieten de-al meu care a f\u0103cut SEV \u00een Bulgaria mi-a spus despre asta \u0219i am vrut s\u0103 experimentez \u0219i eu.\u00a0[Proiect &#8211; <em>Building Youth Supportive Communities &#8211; Environment<\/em>]<\/span><\/p>\n<p><img decoding=\"async\" loading=\"lazy\" class=\"alignnone wp-image-2149 \" src=\"http:\/\/evs.curbadecultura.ro\/wp-content\/uploads\/2019\/01\/46439063_2177912469156440_505194123737694208_n-150x150.jpg\" alt=\"\" width=\"189\" height=\"189\" srcset=\"https:\/\/evs.curbadecultura.ro\/wp-content\/uploads\/2019\/01\/46439063_2177912469156440_505194123737694208_n-150x150.jpg 150w, https:\/\/evs.curbadecultura.ro\/wp-content\/uploads\/2019\/01\/46439063_2177912469156440_505194123737694208_n-300x300.jpg 300w, https:\/\/evs.curbadecultura.ro\/wp-content\/uploads\/2019\/01\/46439063_2177912469156440_505194123737694208_n-768x768.jpg 768w, https:\/\/evs.curbadecultura.ro\/wp-content\/uploads\/2019\/01\/46439063_2177912469156440_505194123737694208_n-1024x1024.jpg 1024w, https:\/\/evs.curbadecultura.ro\/wp-content\/uploads\/2019\/01\/46439063_2177912469156440_505194123737694208_n.jpg 1224w\" sizes=\"(max-width: 189px) 100vw, 189px\" \/>\u00a033. <a href=\"http:\/\/evs.curbadecultura.ro\/index.php\/2019\/02\/01\/portret-de-voluntar-rita-done\/\">Rita<\/a> (19.01.2019 &#8211; 04.03.2019)\u00a0Ar trebui s\u0103 spun c\u0103 am 24 de ani. Am o diplom\u0103 \u00een teatru \u0219i \u00eemi place s\u0103 scriu, mai presus dec\u00e2t orice.\u00a0[Proiect &#8211; <em>Building Youth Supportive Communities &#8211; Environment<\/em>]<\/p>\n<p><img decoding=\"async\" loading=\"lazy\" class=\"alignnone wp-image-2105 \" src=\"http:\/\/evs.curbadecultura.ro\/wp-content\/uploads\/2018\/11\/1apictureforblog-1-150x150.jpg\" alt=\"\" width=\"190\" height=\"190\" \/>\u00a032. <a href=\"http:\/\/evs.curbadecultura.ro\/index.php\/2018\/12\/12\/portret-de-voluntar-tea-croatia\/\">Tea<\/a> (27.11.2018 &#8211; 26.05.2019)\u00a0Sunt din Croa\u021bia, unde am locuit \u00een Slakovci, un sat mic foarte similar cu satele din Rom\u00e2nia. Am 25 de ani \u0219i am studiat chimie. [Proiect &#8211; <em>Volunteer to Grow<\/em>]<\/p>\n<p><img decoding=\"async\" loading=\"lazy\" class=\"alignnone wp-image-2067 \" src=\"http:\/\/evs.curbadecultura.ro\/wp-content\/uploads\/2018\/11\/unnamed-150x150.jpg\" alt=\"\" width=\"195\" height=\"195\" \/>\u00a031. <a href=\"http:\/\/evs.curbadecultura.ro\/index.php\/2018\/11\/10\/portret-de-voluntar-julie-franta\/\">Julie<\/a> (01.11.2018 &#8211; 26.06.2019)\u00a0Eu sunt Julie\u00a0 \u0219i am 22 de ani. Vin din Fran\u021ba \u0219i, precum spun stereotipurile despre francezi, \u00eemi plac p\u00e2inea, vinul \u0219i br\u00e2nza &#8211; dar eu sunt mai mult dec\u00e2t at\u00e2t! [Proiect &#8211; <em>Voluntary Generation<\/em>]<\/p>\n<p><img decoding=\"async\" loading=\"lazy\" class=\"alignnone wp-image-1474 \" src=\"http:\/\/evs.curbadecultura.ro\/wp-content\/uploads\/2018\/07\/37774453_10216980335846379_2064773422671462400_n-150x150.jpg\" alt=\"\" width=\"195\" height=\"195\" \/>\u00a030. <a href=\"http:\/\/evs.curbadecultura.ro\/index.php\/2018\/07\/21\/portret-de-voluntar-robert-slovenia\/\">Robert<\/a> (07.07.2018 &#8211; 07.12.2018)\u00a0Sunt mare fan al libert\u0103\u021bii de expresie \u0219i m\u0103 bucur c\u0103 putem tr\u0103i \u00eentr-o societate deschis\u0103 care ne permite s\u0103 d\u0103m glas g\u00e2ndurilor. Dac\u0103 ar fi s\u0103 aleg \u00eentre siguran\u021b\u0103 \u0219i libertate, a\u0219 alege libertatrea. M\u0103 consider o persoan\u0103 care se poate adapta multiplelor situa\u021bii [Proiect &#8211; <em>Building Youth Supportive Communities &#8211; Environment<\/em>]<\/p>\n<p><img decoding=\"async\" loading=\"lazy\" class=\"alignnone wp-image-1434 \" src=\"http:\/\/evs.curbadecultura.ro\/wp-content\/uploads\/2018\/07\/IMG_20180710_1605332-150x150.jpg\" alt=\"\" width=\"195\" height=\"195\" \/>\u00a029. <a href=\"http:\/\/evs.curbadecultura.ro\/index.php\/2018\/07\/12\/portret-de-voluntar-laura-letonia\/\">Laura<\/a>\u00a0(03.07.2018 &#8211; 28.08.2018)\u00a0Pute\u021bi ghici deja c\u0103 iubesc animalele de tot felul. \u00cemi plac copiii \u0219i am f\u0103cut voluntariat \u00een tabere de copii iar c\u00e2teodat\u0103 am avut grij\u0103 de copii fra\u021bilor mei. \u00cen timpul liber citesc \u0219i ascult muzic\u0103.\u00a0[Proiect &#8211; <em>Community Volunteers 18\/19<\/em>]<\/p>\n<p><img decoding=\"async\" loading=\"lazy\" class=\"alignnone wp-image-1425 \" src=\"http:\/\/evs.curbadecultura.ro\/wp-content\/uploads\/2018\/07\/PCMPE7175-150x150.jpg\" alt=\"\" width=\"195\" height=\"195\" \/>\u00a028. <a href=\"http:\/\/evs.curbadecultura.ro\/index.php\/2018\/07\/08\/portret-de-voluntar-kristine-letonia\/\">Kristine<\/a> (03.07.2018 &#8211; 28.08.2018)\u00a0Am f\u0103cut voluntariat \u00een via\u021ba mea \u00eenainte s\u0103 vin aici \u00een mare cu copii: am predat \u00een tabere de var\u0103 copiilor letoni sau din \u00eentreaga lume sau am dat medita\u021bii la matematic\u0103, fizic\u0103, chimie.\u00a0[Proiect &#8211; <em>Community Volunteers 18\/19<\/em>]<\/p>\n<p><img decoding=\"async\" loading=\"lazy\" class=\"alignnone wp-image-1423 \" src=\"http:\/\/evs.curbadecultura.ro\/wp-content\/uploads\/2018\/07\/IMG-20180622-WA0000-150x150.jpg\" alt=\"\" width=\"196\" height=\"196\" \/>\u00a027. <a href=\"http:\/\/evs.curbadecultura.ro\/index.php\/2018\/07\/04\/portret-de-voluntar-milena-germania\/\">Milena<\/a> (03.07.2018 &#8211; 30.11.2018)\u00a0Am condus din s\u0103tucul meu, de unde \u00eencepe Dun\u0103rea, din sudul Germaniei p\u00e2n\u0103 \u00een Izvoarele. Modul \u00een care peisajele \u0219i ora\u0219ele s-au schimbat a fost uimitor. [Proiect &#8211; <em>Building Youth Supportive Communities &#8211; Environment<\/em>]<\/p>\n<p><img decoding=\"async\" loading=\"lazy\" class=\"alignnone wp-image-1410 \" src=\"http:\/\/evs.curbadecultura.ro\/wp-content\/uploads\/2018\/07\/36613346_10157626715644899_7061014513381801984_n-150x150.jpg\" alt=\"\" width=\"195\" height=\"195\" \/>\u00a026. <a href=\"http:\/\/evs.curbadecultura.ro\/index.php\/2018\/07\/01\/portret-de-voluntar-baptiste-franta\/\">Baptiste<\/a> (27.06.2018 &#8211; 20.02.2019)\u00a0Am avut ocazia de a face 6 luni de voluntariat cu copii in Peru iar de atunci nevoia unui proiect similar nu m-a mai p\u0103r\u0103sit. Acesta este \u0219i motivul pentru care am ales acest proiect la Curba de Cultur\u0103, c\u00e2nd mi s-a oferit ocazia.\u00a0<em>[<\/em>Proiect<em> &#8211; Voluntary Generation]<\/em><\/p>\n<p><img decoding=\"async\" loading=\"lazy\" class=\"alignnone wp-image-1351 \" src=\"http:\/\/evs.curbadecultura.ro\/wp-content\/uploads\/2018\/06\/DSCN5876-150x150.jpg\" alt=\"\" width=\"195\" height=\"195\" \/>\u00a025. <a href=\"http:\/\/evs.curbadecultura.ro\/index.php\/2018\/06\/09\/portret-de-voluntar-thibaut-belgia\/\">Thibaut<\/a> (06.06.2018 &#8211; 07.12.2018)\u00a0Imi plac tenisul, winsurfingul \u0219i drume\u021biile. De asemenea \u00eemi plac h\u0103r\u021bile, jocurile de strategie, jocurile video, filmele, poezia, filosofia \u0219i aproape tot sau to\u021bi cei care m\u0103 pot ajuta s\u0103 v\u0103d lucrurile din unghiuri \u0219i perspective diferite. Numele meu este Thibaut \u0219i vin din Belgia.\u00a0<em>[<\/em>Proiect<em> &#8211; Behind Borders]<\/em><\/p>\n<p><img decoding=\"async\" loading=\"lazy\" class=\"alignnone wp-image-1338 \" src=\"http:\/\/evs.curbadecultura.ro\/wp-content\/uploads\/2018\/05\/20180514_174738-150x150.jpg\" alt=\"\" width=\"195\" height=\"195\" \/>\u00a024. <a href=\"http:\/\/evs.curbadecultura.ro\/index.php\/2018\/05\/10\/portret-de-voluntar-raimo-estonia\/\">Raimo<\/a> (01.05.2018 &#8211; 28.11.2018) Numele meu e Raimo, am 24 de ani \u0219i vin dintr-un loc mic din mijlocul Estoniei, numit\u00a0V\u00f5hma. Nu \u0219tiu prea multe despre mine, dar ce \u0219tiu e c\u0103 iubesc s\u0103 desenez, s\u0103 dansez \u0219i s\u0103 joc orice joc ce \u00eemi omoar\u0103 timpul, dar mai ales sunt deschis la orice provocare. Dac\u0103 cineva m-ar descrie, cred c\u0103 principalele caracteristici ar fi haios, ciudat \u0219i \u00eempiedicat.\u00a0<em>[<\/em>Proiect<em> &#8211; Building Youth Supportive Communities &#8211; Environment]<\/em><\/p>\n<p><img decoding=\"async\" loading=\"lazy\" class=\"alignnone wp-image-1330 \" src=\"http:\/\/evs.curbadecultura.ro\/wp-content\/uploads\/2018\/05\/20180514_174620-150x150.jpg\" alt=\"\" width=\"195\" height=\"195\" \/>\u00a023. <a href=\"http:\/\/evs.curbadecultura.ro\/index.php\/2018\/05\/03\/portret-de-voluntar-tim-portugal\/\">Tim<\/a> (03.05.2018 &#8211; 30.11.2018) C\u00e2nd a ap\u0103rut ocazia de a deveni parte a unui proiect de educa\u021bie pentru mediu la Curba de Cultur\u0103, nu mi-a luat mult s\u0103 \u00eemi \u00eempachetez lucrurile \u0219i s\u0103 m\u0103 mut din Portugalia mai la est dec\u00e2t am fost vreodat\u0103.\u00a0<em>[<\/em>Proiect<em> &#8211; Building Youth Supportive Communities &#8211; Environment]<\/em><\/p>\n<p><img decoding=\"async\" loading=\"lazy\" class=\"alignnone wp-image-1277 \" src=\"http:\/\/evs.curbadecultura.ro\/wp-content\/uploads\/2018\/03\/IMG_20180312_120411-150x150.jpg\" alt=\"IMG_20180312_120411\" width=\"195\" height=\"195\" \/>\u00a022. <a href=\"http:\/\/evs.curbadecultura.ro\/index.php\/2018\/03\/19\/portret-de-voluntar-anna-polonia\/\">Anna<\/a> (06.03.2018 &#8211; 03.09.2018)\u00a0Dup\u0103 at\u00e2\u021bia ani de tr\u0103it \u00een Polonia am obosit \u0219i m-am plictisit de cotidian, prin urmare am decis s\u0103 fac ceva diferit. \u0218i a\u0219a am ajuns \u00een acest SEV \u00een Rom\u00e2nia. Nu \u0219tiam prea multe despre \u021bara asta, dar sunt dornic\u0103 de noi cunop\u0219tin\u021be \u0219i experien\u021be. Ce \u00eemi vine \u00een minte legat de Rom\u00e2nia? Dracula (!) Transilvania \u0219i\u2026 Cristian Mungiu.\u00a0<em>[<\/em>Proiect<em> &#8211; Active Youth in Rural Settings]<\/em><\/p>\n<p><img decoding=\"async\" loading=\"lazy\" class=\"alignnone wp-image-1279 \" src=\"http:\/\/evs.curbadecultura.ro\/wp-content\/uploads\/2018\/03\/601248_404978566204263_1826593922_n-150x150.jpg\" alt=\"601248_404978566204263_1826593922_n\" width=\"196\" height=\"196\" \/>\u00a021. <a href=\"http:\/\/evs.curbadecultura.ro\/index.php\/2018\/03\/14\/portret-de-voluntar-adrianna-polonia\/\">Adrianna<\/a> (07.03.2018 &#8211; 04.09.2018)\u00a0Salut! Eu sunt Adrianna, am 24 de ani \u0219i sunt din Polonia, dar \u00een ultimii 6 ani am locuit \u00een diferite p\u0103r\u021bi ale lumii. \u00cen via\u021ba asta nomad\u0103 a mea am fost la liceu \u00een America, am studiat \u00een Regatul Unit, am urmat diferite cursuri \u00een Viena, Singapore, Londra \u0219i Edinburgh, iar recent am f\u0103cut 3 luni de voluntariat in Ghana.\u00a0<em>[<\/em>Proiect<em> &#8211; Active Youth in Rural Settings]<\/em><\/p>\n<p><img decoding=\"async\" loading=\"lazy\" class=\"alignnone wp-image-1094 \" src=\"http:\/\/evs.curbadecultura.ro\/wp-content\/uploads\/2016\/07\/20645107_10214505032758866_4282387497158386553_o-150x150.jpg\" alt=\"20645107_10214505032758866_4282387497158386553_o\" width=\"195\" height=\"195\" \/>\u00a020. <a href=\"http:\/\/evs.curbadecultura.ro\/index.php\/2017\/10\/12\/portret-de-voluntar-heloise-franta\/\">Heloise<\/a> (12.09.2017 &#8211; 04.06.2018) Sunt o fran\u021buzoaic\u0103 interesat\u0103 de c\u0103r\u021bi, de seriale \u0219i jocuri video, dar \u0219i subiecte mai seriose precum egalitatea de drepturi \u00eentre genuri sau drepturile animalelor. De asemenea iubesc s\u0103 c\u0103l\u0103toresc \u0219i mereu am \u0219tiut c\u0103 vreau s\u0103 merg \u00een str\u0103in\u0103tate dupa ce termin studiile.\u00a0<em>[<\/em>Proiect<em> &#8211; EVS 20: Let&#8217;s move and change]<\/em><\/p>\n<p><img decoding=\"async\" loading=\"lazy\" class=\"alignnone wp-image-931 \" src=\"http:\/\/evs.curbadecultura.ro\/wp-content\/uploads\/2017\/09\/21745018_1098451290285048_1967992563_o-150x150.jpg\" alt=\"21745018_1098451290285048_1967992563_o\" width=\"193\" height=\"193\" \/>\u00a019. <a href=\"http:\/\/evs.curbadecultura.ro\/index.php\/2017\/09\/25\/portret-de-voluntar-melanie-belgia\/\">Melanie<\/a> (01.09.2017 &#8211; 02.03.2018)\u00a0Sunt nem\u021boaic\u0103 \u0219i polonez\u0103, dar tr\u0103iesc \u00een Belgia unde mi-am petrecut aproape \u00eentreaga via\u021b\u0103. Acum, am terminat \u0219coala \u0219i nu \u0219tiam ce vreau s\u0103 fac \u2013 s\u0103 \u00eenv\u0103\u021b? Dar ce, cum, unde? Tot ce \u0219tiam e c\u0103 vreau s\u0103 ies, s\u0103 v\u0103d locuri noi \u0219i cel mai important, oameni minuna\u021bi\u2026 prin urmare c\u00e2nd am ajuns \u00een cele din urm\u0103 la Curba de Cultur\u0103.\u00a0<em>[<\/em>Proiect<em> &#8211; Behind Borders]<\/em><\/p>\n<p><img decoding=\"async\" loading=\"lazy\" class=\"alignnone wp-image-918\" src=\"http:\/\/evs.curbadecultura.ro\/wp-content\/uploads\/2017\/09\/Bildschirmfoto-2017-09-10-um-20.21.00-300x300.png\" alt=\"Bildschirmfoto 2017-09-10 um 20.21.00\" width=\"193\" height=\"193\" srcset=\"https:\/\/evs.curbadecultura.ro\/wp-content\/uploads\/2017\/09\/Bildschirmfoto-2017-09-10-um-20.21.00-300x300.png 300w, https:\/\/evs.curbadecultura.ro\/wp-content\/uploads\/2017\/09\/Bildschirmfoto-2017-09-10-um-20.21.00-150x150.png 150w, https:\/\/evs.curbadecultura.ro\/wp-content\/uploads\/2017\/09\/Bildschirmfoto-2017-09-10-um-20.21.00.png 525w\" sizes=\"(max-width: 193px) 100vw, 193px\" \/>\u00a018. Sunt <a href=\"http:\/\/evs.curbadecultura.ro\/index.php\/2017\/09\/17\/portret-de-voluntar-stefanie-liechtenstein\/\">Stefanie<\/a>\u00a0(01.09.2017 &#8211; 31.05.2018) \u0219i sunt din Liechtenstein. \u00cenainte de a lua parte la acest proiect am studiat la colegiu in Basel, Elve\u021bia, pentru a deveni profesor \u00een \u00eenv\u0103\u021b\u0103m\u00e2ntul primar. Din acest motiv am decis s\u0103 \u00eemi iau un an liber \u0219i s\u0103 plec \u00een alt\u0103 \u021bar\u0103 pentru a dob\u00e2ndi o nou\u0103 experien\u021b\u0103 \u00eenainte s\u0103 caut primul loc de munc\u0103 ca \u00eenv\u0103\u021b\u0103tor.\u00a0<em>[<\/em>Proiect<em> &#8211; Volunteer for Rural Communities]<\/em><\/p>\n<p><img decoding=\"async\" loading=\"lazy\" class=\"alignnone wp-image-904\" src=\"http:\/\/evs.curbadecultura.ro\/wp-content\/uploads\/2017\/09\/slika-za-blog-300x300.jpg\" alt=\"slika za blog\" width=\"193\" height=\"193\" srcset=\"https:\/\/evs.curbadecultura.ro\/wp-content\/uploads\/2017\/09\/slika-za-blog-300x300.jpg 300w, https:\/\/evs.curbadecultura.ro\/wp-content\/uploads\/2017\/09\/slika-za-blog-150x150.jpg 150w, https:\/\/evs.curbadecultura.ro\/wp-content\/uploads\/2017\/09\/slika-za-blog-768x768.jpg 768w, https:\/\/evs.curbadecultura.ro\/wp-content\/uploads\/2017\/09\/slika-za-blog.jpg 908w\" sizes=\"(max-width: 193px) 100vw, 193px\" \/>\u00a017. Bun\u0103, eu sunt <a href=\"http:\/\/evs.curbadecultura.ro\/index.php\/2017\/09\/01\/portret-de-voluntar-martina-croatia\/\">Martina<\/a> (01.09.2017 &#8211; 28.02.2018), am 22 de ani \u0219i vin din Croa\u021bia. Am studiat \u0218tiin\u021be Politice \u00een Bosnia \u0219i Her\u021begovina. Am venit aici pentru c\u0103 am luat o pauz\u0103 \u00eentre licen\u021b\u0103 \u0219i masterat.\u00a0De abia a\u0219tept s\u0103 \u00eencep activit\u0103\u021bile \u0219i s\u0103 v\u0103 \u00eent\u00e2lnesc pe to\u021bi!\u00a0<em>[<\/em>Proiect<em> &#8211; Volunteer to Grow]<\/em><\/p>\n<p><img decoding=\"async\" loading=\"lazy\" class=\"alignnone wp-image-834 \" src=\"http:\/\/evs.curbadecultura.ro\/wp-content\/uploads\/2017\/07\/deka-150x150.jpg\" alt=\"deka\" width=\"193\" height=\"193\" \/>\u00a016. Salut, eu sunt <a href=\"http:\/\/evs.curbadecultura.ro\/index.php\/2017\/07\/30\/portret-de-voluntar-roman-czech-republic\/\">Roman<\/a>, (01.07.2017 &#8211; 30.06.2018) am 26 de ani \u0219i vin din Praga, capitala Cehiei.\u00a0Iubesc\u0103 s\u0103 c\u00e2nt la chitar\u0103, muzica \u00een general, sportul, c\u0103l\u0103toriile \u0219i oamenii super mega crazy!\u00a0<em>[<\/em>Proiect<em> &#8211; Izvoarele Unveiled]<\/em><\/p>\n<p><img decoding=\"async\" loading=\"lazy\" class=\"alignnone wp-image-824 \" src=\"http:\/\/evs.curbadecultura.ro\/wp-content\/uploads\/2017\/07\/DSC_0807-150x150.jpg\" alt=\"DSC_0807\" width=\"195\" height=\"195\" \/>\u00a015. Eu sunt <a href=\"http:\/\/evs.curbadecultura.ro\/index.php\/2017\/07\/09\/portret-de-voluntar-gabriel-argentina\/\">Gabriel<\/a> (06.07.2017 &#8211; 05.07.2018), sunt din Argentina \u0219i am 21 de ani. Locuiesc \u00een Spania din 2007 \u0219i voi sta \u00een Rom\u00e2nia pentru un an \u00een cadrul unui SEV. M\u0103 aflu aici pentru a \u00eenv\u0103\u021ba c\u00e2t mai multe despre comunitatea din Izvoarele \u0219i pentru a \u00eemp\u0103rt\u0103\u0219i totul cu \u00eentreaga lume.\u00a0<em>[<\/em>Proiect<em> &#8211; Izvoarele Unveiled]<\/em><\/p>\n<p><img decoding=\"async\" loading=\"lazy\" class=\"alignnone wp-image-807 \" src=\"http:\/\/evs.curbadecultura.ro\/wp-content\/uploads\/2017\/06\/14632954_10209481582548243_1261583098728054054_n-150x150.jpg\" alt=\"14632954_10209481582548243_1261583098728054054_n\" width=\"195\" height=\"195\" srcset=\"https:\/\/evs.curbadecultura.ro\/wp-content\/uploads\/2017\/06\/14632954_10209481582548243_1261583098728054054_n-150x150.jpg 150w, https:\/\/evs.curbadecultura.ro\/wp-content\/uploads\/2017\/06\/14632954_10209481582548243_1261583098728054054_n-300x300.jpg 300w, https:\/\/evs.curbadecultura.ro\/wp-content\/uploads\/2017\/06\/14632954_10209481582548243_1261583098728054054_n-768x768.jpg 768w, https:\/\/evs.curbadecultura.ro\/wp-content\/uploads\/2017\/06\/14632954_10209481582548243_1261583098728054054_n.jpg 960w\" sizes=\"(max-width: 195px) 100vw, 195px\" \/>\u00a014.\u00a0<a href=\"http:\/\/evs.curbadecultura.ro\/index.php\/2017\/06\/25\/portret-de-voluntar-isabella-italia\/\">Isabella<\/a> (02.06.2017 &#8211; 01.06.2018) Am studiat istorie \u0219i nu pl\u0103nuiam s\u0103 fac SEV, am trimis aplica\u021bia doar pentru c\u0103 proiectul suna grozav. \u0218i apoi am fost acceptat\u0103! Sunt sigur\u0103 c\u0103 venirea mea aici a fost cea mai bun\u0103 decizie pe care am luat-o \u00een via\u021b\u0103.\u00a0<em>[<\/em>Proiect<em> &#8211; Izvoarele Unveiled]<\/em><\/p>\n<p><img decoding=\"async\" loading=\"lazy\" class=\"alignnone wp-image-789 \" src=\"http:\/\/evs.curbadecultura.ro\/wp-content\/uploads\/2017\/06\/Valpo-150x150.jpg\" alt=\"Alba\" width=\"196\" height=\"196\" \/>\u00a013. Eu sunt\u00a0<a href=\"http:\/\/evs.curbadecultura.ro\/index.php\/2017\/06\/11\/alba\/\">Alba<\/a> (02.06.2017 &#8211; 01.06. 2018) \u0219i vin tocmai din capitala Spainiei. C\u00e2nd am v\u0103zut proiectul pentru prima data am \u0219tiut c\u0103 trebuie s\u0103 fac parte din el, pentru c\u0103 nu \u00eentotdeauna g\u0103se\u0219ti un SEV pe teme de antropologie . <em>[<\/em>Proiect<em> &#8211; Izvoarele Unveiled]<\/em><\/p>\n<p><img decoding=\"async\" loading=\"lazy\" class=\"alignnone wp-image-745 \" src=\"http:\/\/evs.curbadecultura.ro\/wp-content\/uploads\/2017\/04\/IMG_20170313_120833_649-e1492009090336-150x150.jpg\" alt=\"IMG_20170313_120833_649\" width=\"197\" height=\"197\" \/>\u00a012.\u00a0<a href=\"http:\/\/evs.curbadecultura.ro\/index.php\/2017\/04\/12\/portret-de-voluntar-estelle-franta\/\">Estelle<\/a> (10.04.2017 &#8211; 05.01.2018) &#8211; \u00een Fran\u021ba a lucrat ca designer grafic \u0219i fotograf, dar a renun\u021bat la job pentru a lua parte la experien\u021ba vie\u021bii ei, un stagiu SEV \u00een Rom\u00e2nia. Simte c\u0103 e timpul s\u0103 fac\u0103 ce \u00ee\u0219i dore\u0219te. <em>[<\/em>Proiect<em> &#8211; EVS 20: Let&#8217;s move and change]<\/em><\/p>\n<p><img decoding=\"async\" loading=\"lazy\" class=\"alignnone wp-image-520\" src=\"http:\/\/evs.curbadecultura.ro\/wp-content\/uploads\/2016\/07\/14438790_1538630859496012_593138864_on-283x300.jpg\" alt=\"14438790_1538630859496012_593138864_on\" width=\"199\" height=\"211\" srcset=\"https:\/\/evs.curbadecultura.ro\/wp-content\/uploads\/2016\/07\/14438790_1538630859496012_593138864_on-283x300.jpg 283w, https:\/\/evs.curbadecultura.ro\/wp-content\/uploads\/2016\/07\/14438790_1538630859496012_593138864_on.jpg 715w\" sizes=\"(max-width: 199px) 100vw, 199px\" \/>\u00a011.\u00a0<a href=\"http:\/\/evs.curbadecultura.ro\/index.php\/2016\/09\/18\/portret-de-voluntar-eleny-estonia\/\">Eleny<\/a> (01.09.2016 &#8211; 31.01.2017) &#8211; \u00eei place s\u0103 c\u00e2nte \u0219i s\u0103 fac\u0103 drume\u021bii montane \u0219i s\u0103 trag\u0103 cu arcul. Are 23 de ani, e din Estonia \u0219i consider\u0103 c\u0103 SEV-ul este o \u0219ans\u0103 extraordinar\u0103 de a \u00eenv\u0103\u021ba. [Proiect &#8211;\u00a0<em>Building Youth Supportive Communities 2<\/em>]<\/p>\n<p><img decoding=\"async\" loading=\"lazy\" class=\"alignnone wp-image-384 \" src=\"http:\/\/evs.curbadecultura.ro\/wp-content\/uploads\/2016\/08\/13925040_10201965121924931_270798314035458470_n-150x150.jpg\" alt=\"13925040_10201965121924931_270798314035458470_n\" width=\"196\" height=\"196\" \/>\u00a0 10.\u00a0<a href=\"http:\/\/evs.curbadecultura.ro\/index.php\/2016\/08\/07\/potret-de-voluntar-anna-cehia\/\">Anna<\/a> (01.08.2016 &#8211; 31.01.2017) &#8211; dornic\u0103 s\u0103 fac\u0103 schimb\u0103ri \u0219i s\u0103 \u00ee\u0219i lase amprenta asupra lumii, vine din Cehia, are 26 de ani, precum \u0219i experien\u021b\u0103 \u00een domeniul voluntariatului.\u00a0[Proiect &#8211; <em>Building Youth Supportive Communities 2<\/em>]<\/p>\n<p><img decoding=\"async\" loading=\"lazy\" class=\"alignnone wp-image-367\" src=\"http:\/\/evs.curbadecultura.ro\/wp-content\/uploads\/2016\/08\/13413504_1697809507151082_8588669748823726462_n-300x296.jpg\" alt=\"13413504_1697809507151082_8588669748823726462_n\" width=\"198\" height=\"195\" srcset=\"https:\/\/evs.curbadecultura.ro\/wp-content\/uploads\/2016\/08\/13413504_1697809507151082_8588669748823726462_n-300x296.jpg 300w, https:\/\/evs.curbadecultura.ro\/wp-content\/uploads\/2016\/08\/13413504_1697809507151082_8588669748823726462_n-768x757.jpg 768w, https:\/\/evs.curbadecultura.ro\/wp-content\/uploads\/2016\/08\/13413504_1697809507151082_8588669748823726462_n.jpg 958w\" sizes=\"(max-width: 198px) 100vw, 198px\" \/>\u00a09.\u00a0<a href=\"http:\/\/evs.curbadecultura.ro\/index.php\/2016\/07\/31\/portret-de-voluntar-alessio-italia\/\">Alessio<\/a> (01.08.2016 &#8211; 31.01.2017) &#8211; este italian, are 29 de ani \u0219i foarte pasionat de arta underground, e vegan convins \u0219i activist pentru drepturile omului \u0219i animalelor.\u00a0[Proiect &#8211; <em>Building Youth Supportive Communities 2<\/em>]<\/p>\n<p><img decoding=\"async\" loading=\"lazy\" class=\"alignnone wp-image-351 \" src=\"http:\/\/evs.curbadecultura.ro\/wp-content\/uploads\/2016\/07\/13388919_10201729831642821_1485021877_o-150x150.jpg\" alt=\"13388919_10201729831642821_1485021877_o\" width=\"202\" height=\"202\" \/>\u00a08.\u00a0<a href=\"http:\/\/evs.curbadecultura.ro\/index.php\/2016\/06\/12\/portret-de-voluntar-mael-franta\/\">Mael<\/a> (01.06.2016 &#8211; 28.10. 2016) &#8211; vine din Fran\u021ba are 20 de ani \u0219i este pasionat de instrumente de percu\u021bie \u0219i de skateboarding.\u00a0[Proiect &#8211; <em>Intercult&#8217;rural<\/em>]<\/p>\n<p><img decoding=\"async\" loading=\"lazy\" class=\"wp-image-344 alignnone\" src=\"http:\/\/evs.curbadecultura.ro\/wp-content\/uploads\/2016\/07\/10993418_10200226227373654_2879120199102477911_n-300x300.jpg\" alt=\"10993418_10200226227373654_2879120199102477911_n\" width=\"204\" height=\"204\" srcset=\"https:\/\/evs.curbadecultura.ro\/wp-content\/uploads\/2016\/07\/10993418_10200226227373654_2879120199102477911_n-300x300.jpg 300w, https:\/\/evs.curbadecultura.ro\/wp-content\/uploads\/2016\/07\/10993418_10200226227373654_2879120199102477911_n-150x150.jpg 150w, https:\/\/evs.curbadecultura.ro\/wp-content\/uploads\/2016\/07\/10993418_10200226227373654_2879120199102477911_n-768x767.jpg 768w, https:\/\/evs.curbadecultura.ro\/wp-content\/uploads\/2016\/07\/10993418_10200226227373654_2879120199102477911_n.jpg 960w\" sizes=\"(max-width: 204px) 100vw, 204px\" \/>\u00a07.\u00a0<a href=\"http:\/\/evs.curbadecultura.ro\/index.php\/2016\/05\/29\/portret-de-voluntar-margot-franta\/\">Margot<\/a>\u00a0(11.05.2016 &#8211; 08.10.2016) &#8211; are 19 ani \u0219i vine din sudul Fran\u021bei, Marsilia. Printre pasiunile ei se num\u0103r\u0103 teatrul \u0219i c\u0103l\u0103toriile. [Proiect &#8211; <em>Intercult&#8217;rural<\/em>]<\/p>\n<p><img decoding=\"async\" loading=\"lazy\" class=\"alignnone wp-image-327\" src=\"http:\/\/evs.curbadecultura.ro\/wp-content\/uploads\/2016\/07\/Ania-300x300.jpg\" alt=\"Ania\" width=\"203\" height=\"203\" srcset=\"https:\/\/evs.curbadecultura.ro\/wp-content\/uploads\/2016\/07\/Ania-300x300.jpg 300w, https:\/\/evs.curbadecultura.ro\/wp-content\/uploads\/2016\/07\/Ania-150x150.jpg 150w, https:\/\/evs.curbadecultura.ro\/wp-content\/uploads\/2016\/07\/Ania.jpg 343w\" sizes=\"(max-width: 203px) 100vw, 203px\" \/>6.\u00a0<a href=\"http:\/\/evs.curbadecultura.ro\/index.php\/2015\/11\/29\/portret-de-voluntar-ania-polonia\/\">Ania<\/a>\u00a0(01.08.2015 &#8211; 30.04.2016) \u2013 24 ani, din Polonia, absolvent\u0103 de Jurnalism \u0219i dedicat\u0103 unui stil de via\u021b\u0103 s\u0103n\u0103tos, ceea ce include yoga, fitness \u0219i m\u00e2nc\u0103ruri cu multe legume \u0219i fructe.\u00a0[Proiect &#8211; <em>Building Youth Supportive Communities<\/em>]<\/p>\n<p><img decoding=\"async\" loading=\"lazy\" class=\"alignnone wp-image-329\" src=\"http:\/\/evs.curbadecultura.ro\/wp-content\/uploads\/2016\/07\/Liina-300x300.jpg\" alt=\"Liina\" width=\"205\" height=\"205\" srcset=\"https:\/\/evs.curbadecultura.ro\/wp-content\/uploads\/2016\/07\/Liina-300x300.jpg 300w, https:\/\/evs.curbadecultura.ro\/wp-content\/uploads\/2016\/07\/Liina-150x150.jpg 150w, https:\/\/evs.curbadecultura.ro\/wp-content\/uploads\/2016\/07\/Liina-768x768.jpg 768w, https:\/\/evs.curbadecultura.ro\/wp-content\/uploads\/2016\/07\/Liina.jpg 960w\" sizes=\"(max-width: 205px) 100vw, 205px\" \/>\u00a0 \u00a05.\u00a0<a href=\"http:\/\/evs.curbadecultura.ro\/index.php\/2015\/10\/25\/portret-de-voluntar\/\">Liina<\/a>\u00a0(01.07.2015 &#8211; 30.04.2016) \u201321 de ani, din Estonia, pasionat\u0103 de drume\u021bii \u00een natur\u0103, mers pe biciclet\u0103, desen \u0219i confec\u021bionarea obiectelor de artizanat.\u00a0[Proiect &#8211; <em>Building Youth Supportive Communities<\/em>]<\/p>\n<p><img decoding=\"async\" loading=\"lazy\" class=\"alignnone wp-image-150 \" src=\"http:\/\/evs.curbadecultura.ro\/wp-content\/uploads\/2016\/06\/486471_418029451587078_869370594_n-150x150.jpg\" alt=\"486471_418029451587078_869370594_n\" width=\"202\" height=\"202\" srcset=\"https:\/\/evs.curbadecultura.ro\/wp-content\/uploads\/2016\/06\/486471_418029451587078_869370594_n-150x150.jpg 150w, https:\/\/evs.curbadecultura.ro\/wp-content\/uploads\/2016\/06\/486471_418029451587078_869370594_n-300x300.jpg 300w, https:\/\/evs.curbadecultura.ro\/wp-content\/uploads\/2016\/06\/486471_418029451587078_869370594_n-768x768.jpg 768w, https:\/\/evs.curbadecultura.ro\/wp-content\/uploads\/2016\/06\/486471_418029451587078_869370594_n.jpg 960w\" sizes=\"(max-width: 202px) 100vw, 202px\" \/>\u00a04.\u00a0<span style=\"color: #ff0000;\">Hanna<\/span> (01.07.2015 &#8211; 19.11.2015) &#8211; 19 ani, din Germania \u0219i este \u00een c\u0103utarea ideilor pentru o viitoarea carier\u0103.\u00a0[Proiect &#8211; <em>Building Youth Supportive Communities<\/em>]<\/p>\n<p><img decoding=\"async\" loading=\"lazy\" class=\"alignnone wp-image-759 \" src=\"http:\/\/evs.curbadecultura.ro\/wp-content\/uploads\/2016\/07\/13235098_1597407897236988_6214649016171513874_o-150x150.jpg\" alt=\"13235098_1597407897236988_6214649016171513874_o\" width=\"203\" height=\"203\" \/>\u00a03.\u00a0<span style=\"color: #ff0000;\">Kristijan<\/span> (01.07.2015 &#8211; 19.11.2015) &#8211; are 22 de ani, vine din Macedonia, iar pasiunile lui sunt muzica, filmul si facilitarea.\u00a0[Proiect &#8211; <em>Building Youth Supportive Communities<\/em>]<\/p>\n<p><img decoding=\"async\" loading=\"lazy\" class=\"alignnone wp-image-328 \" src=\"http:\/\/evs.curbadecultura.ro\/wp-content\/uploads\/2016\/07\/Franck-150x150.jpg\" alt=\"Franck\" width=\"203\" height=\"203\" \/>\u00a02.\u00a0<a href=\"http:\/\/evs.curbadecultura.ro\/index.php\/2016\/01\/24\/portret-de-voluntar-franck-franta\/\">Franck<\/a>\u00a0(01.07.2015 &#8211; 30.06.2016) \u2013 vine din Fran\u021ba, are 22 de ani, iar pasiunile lui sunt filmarea \u0219i editarea video \u0219i jocurile pe computer.\u00a0[Proiect &#8211; <em>European Youth Empowerment<\/em>]<\/p>\n<p><img decoding=\"async\" loading=\"lazy\" class=\"alignnone wp-image-330\" src=\"http:\/\/evs.curbadecultura.ro\/wp-content\/uploads\/2016\/07\/Sophie-300x300.jpg\" alt=\"Sophie\" width=\"201\" height=\"201\" srcset=\"https:\/\/evs.curbadecultura.ro\/wp-content\/uploads\/2016\/07\/Sophie-300x300.jpg 300w, https:\/\/evs.curbadecultura.ro\/wp-content\/uploads\/2016\/07\/Sophie-150x150.jpg 150w, https:\/\/evs.curbadecultura.ro\/wp-content\/uploads\/2016\/07\/Sophie-768x768.jpg 768w, https:\/\/evs.curbadecultura.ro\/wp-content\/uploads\/2016\/07\/Sophie-1024x1024.jpg 1024w, https:\/\/evs.curbadecultura.ro\/wp-content\/uploads\/2016\/07\/Sophie.jpg 1536w\" sizes=\"(max-width: 201px) 100vw, 201px\" \/>\u00a01.\u00a0<a href=\"http:\/\/evs.curbadecultura.ro\/index.php\/2016\/02\/21\/portret-de-voluntar-sophie\/\">Sophie<\/a>\u00a0(01.05.2015 &#8211; 30.04.2016) \u2013 24 ani, din Fran\u021ba, pasionat\u0103 de g\u0103tit \u0219i c\u0103l\u0103torii \u0219i mereu dornic\u0103 s\u0103 \u00eemp\u0103rt\u0103\u0219easc\u0103 tradi\u021bii \u0219i obiceiuri fran\u021buze\u0219ti. [Proiect &#8211; <em>European Youth Empowerment<\/em>]<\/p>\n","protected":false},"excerpt":{"rendered":"<div class=\"slide-text-bg2\"><span>68. Din Cehia vine Pavel, s\u0103 se al\u0103ture echipei Tinemobilului (17.06.2022 &#8211; 27.05.2023). Sunt un individ foarte extrovertit, \u00eemi place s\u0103 fiu \u00een<\/span><\/div>\n<div class=\"slide-btn-area-sm\"><a href=\"https:\/\/evs.curbadecultura.ro\/index.php\/our-volunteers\/\" class=\"slide-btn-sm\">Read More<\/a><\/div>\n","protected":false},"author":1,"featured_media":0,"parent":0,"menu_order":0,"comment_status":"closed","ping_status":"closed","template":"","meta":[],"_links":{"self":[{"href":"https:\/\/evs.curbadecultura.ro\/index.php\/wp-json\/wp\/v2\/pages\/296"}],"collection":[{"href":"https:\/\/evs.curbadecultura.ro\/index.php\/wp-json\/wp\/v2\/pages"}],"about":[{"href":"https:\/\/evs.curbadecultura.ro\/index.php\/wp-json\/wp\/v2\/types\/page"}],"author":[{"embeddable":true,"href":"https:\/\/evs.curbadecultura.ro\/index.php\/wp-json\/wp\/v2\/users\/1"}],"replies":[{"embeddable":true,"href":"https:\/\/evs.curbadecultura.ro\/index.php\/wp-json\/wp\/v2\/comments?post=296"}],"version-history":[{"count":59,"href":"https:\/\/evs.curbadecultura.ro\/index.php\/wp-json\/wp\/v2\/pages\/296\/revisions"}],"predecessor-version":[{"id":3759,"href":"https:\/\/evs.curbadecultura.ro\/index.php\/wp-json\/wp\/v2\/pages\/296\/revisions\/3759"}],"wp:attachment":[{"href":"https:\/\/evs.curbadecultura.ro\/index.php\/wp-json\/wp\/v2\/media?parent=296"}],"curies":[{"name":"wp","href":"https:\/\/api.w.org\/{rel}","templated":true}]}}